{"id":11074,"date":"2025-03-10T15:10:16","date_gmt":"2025-03-10T14:10:16","guid":{"rendered":"https:\/\/induquim.com\/politique-de-confidentialite\/"},"modified":"2025-05-29T12:28:23","modified_gmt":"2025-05-29T10:28:23","slug":"politique-de-confidentialite","status":"publish","type":"page","link":"https:\/\/induquim.com\/fr\/politique-de-confidentialite\/","title":{"rendered":"Politique de confidentialit\u00e9"},"content":{"rendered":"\n<p>L&rsquo;article 13 du r\u00e8glement g\u00e9n\u00e9ral sur la protection des donn\u00e9es, publi\u00e9 en mai 2016 et applicable \u00e0 partir du 25 mai 2018, d\u00e9termine les informations \u00e0 fournir lorsque des donn\u00e9es \u00e0 caract\u00e8re personnel sont collect\u00e9es aupr\u00e8s de la personne concern\u00e9e.<\/p>\n\n<p>Sur cette base, cette section d\u00e9taille les informations n\u00e9cessaires pour que, si vous avez une relation contractuelle avec nous ou si vous devez demander des informations sur nos produits, vous soyez au courant d&rsquo;aspects tels que l&rsquo;identit\u00e9 du responsable du traitement de vos donn\u00e9es, la finalit\u00e9, les destinataires possibles ou les droits dont vous disposez.<\/p>\n\n<p>La pr\u00e9sente politique de confidentialit\u00e9 peut \u00eatre modifi\u00e9e au fil du temps en raison d&rsquo;\u00e9ventuels changements l\u00e9gislatifs, jurisprudentiels ou des crit\u00e8res suivis par l&rsquo;Agence espagnole de protection des donn\u00e9es et\/ou l&rsquo;autorit\u00e9 comp\u00e9tente \u00e0 tout moment. <strong>INDUSTRIAS QU\u00cdMICAS INDUQUIM S.L.<\/strong> se r\u00e9serve donc le droit de la modifier afin de l&rsquo;adapter \u00e0 la nouvelle l\u00e9gislation ou \u00e0 la jurisprudence en vigueur au moment pr\u00e9cis o\u00f9 vous acc\u00e9dez au site Web. <\/p>\n\n<h2 class=\"wp-block-heading\">Qui est responsable du traitement de vos donn\u00e9es ?<\/h2>\n\n<p>Identit\u00e9 : <strong>INDUSTRIAS QU\u00cdMICAS INDUQUIM S.L.<br\/><\/strong>Registre du commerce : Volume 7656, folio 96, section 8, page M123823, entr\u00e9e 1<br\/>CIF : B80810948<br\/>Adresse : C\/ Gonzalo Chac\u00f3n, 15. Pol\u00edgono Industrial Gonzalo Chac\u00f3n.  28300. Aranjuez.<br\/>T\u00e9l\u00e9phone : 918090215<br\/>E-mail : info@induquim.com<\/p>\n\n<h2 class=\"wp-block-heading\">\u00c0 quelles fins traitons-nous vos donn\u00e9es personnelles ?<\/h2>\n\n<p>Les donn\u00e9es fournies seront utilis\u00e9es exclusivement pour le traitement des demandes ou des consultations que vous nous adressez, la gestion des commandes, l&rsquo;envoi d&rsquo;offres, la vente de produits, la facturation, la publicit\u00e9 et la promotion technique\/commerciale et notre bulletin d&rsquo;information.<\/p>\n\n<h2 class=\"wp-block-heading\">Combien de temps conserverons-nous vos donn\u00e9es ?<\/h2>\n\n<p>En cas d&rsquo;achat d&rsquo;un produit ou d&rsquo;un service, les donn\u00e9es personnelles seront conserv\u00e9es pendant toute la dur\u00e9e de la relation commerciale. Une fois la relation commerciale termin\u00e9e, elles seront conserv\u00e9es pendant une p\u00e9riode de 5 ans afin de pouvoir r\u00e9pondre \u00e0 d&rsquo;\u00e9ventuelles responsabilit\u00e9s ou exigences des administrations publiques. <\/p>\n\n<p>Les donn\u00e9es personnelles fournies dans le but d \u00ab \u00e9tablir des devis ou de demander des informations sont conserv\u00e9es jusqu \u00bb \u00e0 ce que la personne concern\u00e9e demande par \u00e9crit la suppression de ces donn\u00e9es.<\/p>\n\n<h2 class=\"wp-block-heading\">Quelle est la l\u00e9gitimit\u00e9 du traitement de vos donn\u00e9es ?<\/h2>\n\n<p>Le consentement de l&rsquo;utilisateur dans son acceptation de nos conditions au cours du processus de remplissage et d&rsquo;envoi du formulaire d&rsquo;enregistrement sur le site web.<\/p>\n\n<h2 class=\"wp-block-heading\">\u00c0 quels destinataires vos donn\u00e9es seront-elles communiqu\u00e9es ?<\/h2>\n\n<p>Les donn\u00e9es que vous fournissez sont utilis\u00e9es strictement pour maintenir et g\u00e9rer notre relation contractuelle ou pr\u00e9contractuelle. <strong>INDUSTRIAS QU\u00cdMICAS INDUQUIM S.L.<\/strong> ne divulguera pas \u00e0 des tiers les informations personnelles que vous fournissez sur ce site Web, sauf si la divulgation est requise par la l\u00e9gislation en vigueur, par une ordonnance judiciaire ou par une autorit\u00e9 comp\u00e9tente, ou si elle est n\u00e9cessaire pour communiquer des donn\u00e9es essentielles \u00e0 la prestation du service ou si l&rsquo;utilisateur est express\u00e9ment invit\u00e9 \u00e0 donner son consentement.<\/p>\n\n<h2 class=\"wp-block-heading\">Quels sont vos droits lorsque vous nous fournissez vos donn\u00e9es ?<\/h2>\n\n<ul class=\"wp-block-list\">\n<li>Vous avez le droit d&rsquo;obtenir la confirmation que <strong>INDUSTRIAS QU\u00cdMICAS INDUQUIM S.L. <\/strong>traite ou non vos donn\u00e9es personnelles.<\/li>\n\n\n\n<li>En tant que personne concern\u00e9e, vous avez le droit d&rsquo;acc\u00e9der \u00e0 vos donn\u00e9es personnelles, ainsi que de demander la rectification des donn\u00e9es inexactes ou, le cas \u00e9ch\u00e9ant, de demander leur suppression lorsque, entre autres raisons, les donn\u00e9es ne sont plus n\u00e9cessaires aux fins pour lesquelles elles ont \u00e9t\u00e9 collect\u00e9es.<\/li>\n\n\n\n<li>Dans certaines circonstances, vous pouvez nous demander de limiter le traitement de vos donn\u00e9es, auquel cas nous ne les conserverons que dans le but de poursuivre ou de d\u00e9fendre des r\u00e9clamations.<\/li>\n\n\n\n<li>Dans certaines circonstances et pour des raisons li\u00e9es \u00e0 votre situation particuli\u00e8re, vous pouvez vous opposer au traitement de vos donn\u00e9es. <strong>INDUSTRIAS QU\u00cdMICAS INDUQUIM S.L.<\/strong> cessera de traiter les donn\u00e9es, sauf pour des raisons l\u00e9gitimes imp\u00e9rieuses, ou pour l&rsquo;exercice ou la d\u00e9fense d&rsquo;\u00e9ventuelles r\u00e9clamations.<\/li>\n\n\n\n<li>Le droit \u00e0 la portabilit\u00e9 des donn\u00e9es est une forme avanc\u00e9e du droit d&rsquo;acc\u00e8s qui vous permet de nous demander une copie de vos donn\u00e9es personnelles qui font l&rsquo;objet d&rsquo;un traitement informatis\u00e9.<\/li>\n<\/ul>\n\n<h2 class=\"wp-block-heading\">Comment puis-je exercer mes droits ?<\/h2>\n\n<p>Remplissez le formulaire de demande correspondant que vous trouverez \u00e0 l&rsquo;adresse suivante :<\/p>\n\n<figure class=\"wp-block-embed\"><div class=\"wp-block-embed__wrapper\">\nhttps:\/\/www.aepd.es\/reglamento\/derechos\/index.html\n<\/div><\/figure>\n\n<p>Joignez une copie de votre carte d&rsquo;identit\u00e9 ou d&rsquo;un autre document prouvant que vous \u00eates bien la personne que vous pr\u00e9tendez \u00eatre et envoyez le tout \u00e0 <strong>INDUSTRIAS QU\u00cdMICAS INDUQUIM S.L.<\/strong><\/p>\n\n<p>Vous pouvez le faire de deux mani\u00e8res diff\u00e9rentes :<\/p>\n\n<ul class=\"wp-block-list\">\n<li>En envoyant un courrier \u00e9lectronique \u00e0 l&rsquo;adresse suivante : <a href=\"mailto:info@induquim.com\">info@induquim.com<\/a><\/li>\n\n\n\n<li>Par courrier \u00e0 l&rsquo;adresse C\/ Gonzalo Chac\u00f3n, 15, Pol\u00edgono Industrial Gonzalo Chac\u00f3n.  28300. Aranjuez.<\/li>\n<\/ul>\n\n<p>Dans le premier cas, nous vous renverrons un e-mail qui vous permettra de prouver la date et le contenu de la demande.<\/p>\n\n<p>Dans le second cas, nous vous enverrons une lettre \u00e0 l&rsquo;adresse que vous avez indiqu\u00e9e dans l&rsquo;adresse de retour.<\/p>\n\n<h2 class=\"wp-block-heading\">O\u00f9 puis-je m&rsquo;adresser si je ne suis pas satisfait ?<\/h2>\n\n<p>Vous pouvez d\u00e9poser une plainte aupr\u00e8s de l&rsquo;Agence espagnole de protection des donn\u00e9es, notamment lorsque vous n&rsquo;avez pas obtenu satisfaction dans l&rsquo;exercice de vos droits.<\/p>\n\n<p>Si vous souhaitez d\u00e9poser une plainte aupr\u00e8s de l&rsquo;Agence afin qu&rsquo;elle puisse prot\u00e9ger vos droits contre le contr\u00f4leur, le bureau \u00e9lectronique de l&rsquo;Agence vous offre plusieurs options pour d\u00e9poser une plainte.<\/p>\n","protected":false},"excerpt":{"rendered":"<p>L&rsquo;article 13 du r\u00e8glement g\u00e9n\u00e9ral sur la protection des donn\u00e9es, publi\u00e9 en mai 2016 et applicable \u00e0 partir du 25 mai 2018, d\u00e9termine les informations \u00e0 fournir lorsque des donn\u00e9es \u00e0 caract\u00e8re personnel sont collect\u00e9es aupr\u00e8s de la personne concern\u00e9e. Sur cette base, cette section d\u00e9taille les informations n\u00e9cessaires pour que, si vous avez une [&hellip;]<\/p>\n","protected":false},"author":1,"featured_media":0,"parent":0,"menu_order":0,"comment_status":"closed","ping_status":"open","template":"","meta":{"_acf_changed":false,"footnotes":""},"class_list":["post-11074","page","type-page","status-publish","hentry"],"acf":[],"_links":{"self":[{"href":"https:\/\/induquim.com\/fr\/wp-json\/wp\/v2\/pages\/11074","targetHints":{"allow":["GET"]}}],"collection":[{"href":"https:\/\/induquim.com\/fr\/wp-json\/wp\/v2\/pages"}],"about":[{"href":"https:\/\/induquim.com\/fr\/wp-json\/wp\/v2\/types\/page"}],"author":[{"embeddable":true,"href":"https:\/\/induquim.com\/fr\/wp-json\/wp\/v2\/users\/1"}],"replies":[{"embeddable":true,"href":"https:\/\/induquim.com\/fr\/wp-json\/wp\/v2\/comments?post=11074"}],"version-history":[{"count":1,"href":"https:\/\/induquim.com\/fr\/wp-json\/wp\/v2\/pages\/11074\/revisions"}],"predecessor-version":[{"id":11075,"href":"https:\/\/induquim.com\/fr\/wp-json\/wp\/v2\/pages\/11074\/revisions\/11075"}],"wp:attachment":[{"href":"https:\/\/induquim.com\/fr\/wp-json\/wp\/v2\/media?parent=11074"}],"curies":[{"name":"wp","href":"https:\/\/api.w.org\/{rel}","templated":true}]}}