{"id":11225,"date":"2025-03-10T15:10:16","date_gmt":"2025-03-10T14:10:16","guid":{"rendered":"https:\/\/induquim.com\/politica-de-privacidade\/"},"modified":"2025-05-29T13:10:13","modified_gmt":"2025-05-29T11:10:13","slug":"politica-de-privacidade","status":"publish","type":"page","link":"https:\/\/induquim.com\/pt-pt\/politica-de-privacidade\/","title":{"rendered":"Pol\u00edtica de privacidade"},"content":{"rendered":"\n<p>O artigo 13.\u00ba do Regulamento Geral sobre a Prote\u00e7\u00e3o de Dados, publicado em maio de 2016 e aplic\u00e1vel a partir de 25 de maio de 2018, determina as informa\u00e7\u00f5es a fornecer quando os dados pessoais s\u00e3o obtidos junto do titular dos dados.<\/p>\n\n<p>Com base nisto, esta sec\u00e7\u00e3o detalha as informa\u00e7\u00f5es necess\u00e1rias para que, se tiveres uma rela\u00e7\u00e3o contratual connosco ou precisares de pedir informa\u00e7\u00f5es sobre os nossos produtos, tenhas conhecimento de aspectos como a identidade do respons\u00e1vel pelo tratamento dos teus dados, a finalidade, os poss\u00edveis destinat\u00e1rios ou os direitos que tens.<\/p>\n\n<p>Esta Pol\u00edtica de Privacidade pode sofrer altera\u00e7\u00f5es ao longo do tempo devido a poss\u00edveis mudan\u00e7as na legisla\u00e7\u00e3o, na jurisprud\u00eancia ou nos crit\u00e9rios seguidos pela Ag\u00eancia Espanhola de Prote\u00e7\u00e3o de Dados e\/ou pela autoridade competente em cada momento. Por conseguinte, <strong>IND\u00daSTRIAS QU\u00cdMICAS INDUQUIM S.L.<\/strong> reserva-se o direito de a modificar para a adaptar \u00e0 nova legisla\u00e7\u00e3o ou jurisprud\u00eancia em vigor no momento preciso em que acede ao s\u00edtio Web. <\/p>\n\n<h2 class=\"wp-block-heading\">Quem \u00e9 respons\u00e1vel pelo tratamento dos teus dados?<\/h2>\n\n<p>Identidade: <strong>INDUSTRIAS QU\u00cdMICAS INDUQUIM S.L.<br\/><\/strong>Registo Comercial: Tomo 7656, folha 96, sec\u00e7\u00e3o 8, folha M123823, inscri\u00e7\u00e3o 1<br\/>CIF: B80810948<br\/>Endere\u00e7o: C\/ Gonzalo Chac\u00f3n, 15. Pol\u00edgono Industrial Gonzalo Chac\u00f3n.  28300. Aranjuez.<br\/>Telefone: 918090215<br\/>E-mail: info@induquim.com<\/p>\n\n<h2 class=\"wp-block-heading\">Para que fins processamos os teus dados pessoais?<\/h2>\n\n<p>Os dados fornecidos ser\u00e3o utilizados exclusivamente para a aten\u00e7\u00e3o dos pedidos ou consultas que nos fazes, gest\u00e3o de encomendas, envio de ofertas, venda de produtos, fatura\u00e7\u00e3o, publicidade e promo\u00e7\u00e3o t\u00e9cnica\/comercial e a nossa newsletter.<\/p>\n\n<h2 class=\"wp-block-heading\">Durante quanto tempo conservaremos os teus dados?<\/h2>\n\n<p>Em caso de contrata\u00e7\u00e3o de um produto ou servi\u00e7o, os dados pessoais ser\u00e3o conservados enquanto se mantiver a rela\u00e7\u00e3o comercial. Uma vez terminada a rela\u00e7\u00e3o comercial, os dados ser\u00e3o conservados durante um per\u00edodo de 5 anos para poder responder a poss\u00edveis responsabilidades ou exig\u00eancias das Administra\u00e7\u00f5es P\u00fablicas. <\/p>\n\n<p>Os dados pessoais fornecidos para efeitos de elabora\u00e7\u00e3o de or\u00e7amentos ou de pedido de informa\u00e7\u00f5es ser\u00e3o conservados at\u00e9 que a pessoa em causa solicite a sua supress\u00e3o por escrito.<\/p>\n\n<h2 class=\"wp-block-heading\">Qual \u00e9 a legitimidade do tratamento dos teus dados?<\/h2>\n\n<p>O consentimento do utilizador na sua aceita\u00e7\u00e3o das nossas condi\u00e7\u00f5es durante o processo de preenchimento e envio do formul\u00e1rio de registo no s\u00edtio Web.<\/p>\n\n<h2 class=\"wp-block-heading\">A que destinat\u00e1rios ser\u00e3o comunicados os teus dados?<\/h2>\n\n<p>Os dados que facultas s\u00e3o utilizados estritamente para manter e gerir a nossa rela\u00e7\u00e3o contratual ou pr\u00e9-contratual. As <strong>IND\u00daSTRIAS QU\u00cdMICAS INDUQUIM S.L.<\/strong> n\u00e3o ceder\u00e3o a terceiros os dados pessoais que facultares neste s\u00edtio Web, exceto quando a sua divulga\u00e7\u00e3o for exigida pela legisla\u00e7\u00e3o vigente, por ordem judicial ou por uma autoridade competente, ou quando for necess\u00e1ria a comunica\u00e7\u00e3o de dados imprescind\u00edveis para a presta\u00e7\u00e3o do servi\u00e7o ou quando for expressamente solicitado o consentimento do utilizador.<\/p>\n\n<h2 class=\"wp-block-heading\">Quais s\u00e3o os teus direitos quando nos forneces os teus dados?<\/h2>\n\n<ul class=\"wp-block-list\">\n<li>Tens o direito de obter a confirma\u00e7\u00e3o de que <strong>as IND\u00daSTRIAS QU\u00cdMICAS INDUQUIM S.L. <\/strong>est\u00e3o ou n\u00e3o a tratar os teus dados pessoais.<\/li>\n\n\n\n<li>Enquanto titular dos dados, tens o direito de aceder aos teus dados pessoais, bem como de solicitar a retifica\u00e7\u00e3o dos dados inexactos ou, se for caso disso, de solicitar a sua elimina\u00e7\u00e3o quando, entre outros motivos, os dados j\u00e1 n\u00e3o forem necess\u00e1rios para os fins para que foram recolhidos.<\/li>\n\n\n\n<li>Em determinadas circunst\u00e2ncias, podes pedir-nos que limitemos o tratamento dos teus dados, caso em que apenas os conservaremos para efeitos de prossecu\u00e7\u00e3o ou defesa de reclama\u00e7\u00f5es.<\/li>\n\n\n\n<li>Em determinadas circunst\u00e2ncias e por motivos relacionados com a tua situa\u00e7\u00e3o particular, podes opor-te ao tratamento dos teus dados. <strong>IND\u00daSTRIAS QU\u00cdMICAS INDUQUIM S.L.<\/strong> deixar\u00e1 de tratar os dados, exceto por motivos leg\u00edtimos imperiosos, ou para o exerc\u00edcio ou defesa de poss\u00edveis reclama\u00e7\u00f5es.<\/li>\n\n\n\n<li>O direito \u00e0 portabilidade dos dados \u00e9 uma forma avan\u00e7ada do direito de acesso, atrav\u00e9s do qual podes pedir-nos uma c\u00f3pia dos teus dados pessoais que est\u00e3o sujeitos a tratamento inform\u00e1tico.<\/li>\n<\/ul>\n\n<h2 class=\"wp-block-heading\">Como posso exercer os meus direitos?<\/h2>\n\n<p>Preenche o formul\u00e1rio de candidatura correspondente que se encontra em:<\/p>\n\n<figure class=\"wp-block-embed\"><div class=\"wp-block-embed__wrapper\">\nhttps:\/\/www.aepd.es\/reglamento\/derechos\/index.html\n<\/div><\/figure>\n\n<p>Junta uma c\u00f3pia do teu bilhete de identidade ou outro documento que comprove que \u00e9s quem dizes ser e envia-o para <strong>IND\u00daSTRIAS QU\u00cdMICAS INDUQUIM S.L.<\/strong><\/p>\n\n<p>Podes fazer isso de duas maneiras diferentes:<\/p>\n\n<ul class=\"wp-block-list\">\n<li>Enviando uma mensagem de correio eletr\u00f3nico para o seguinte endere\u00e7o: <a href=\"mailto:info@induquim.com\">info@induquim.com<\/a><\/li>\n\n\n\n<li>Por correio para o endere\u00e7o C\/ Gonzalo Chac\u00f3n, 15. Pol\u00edgono Industrial Gonzalo Chac\u00f3n.  28300. Aranjuez.<\/li>\n<\/ul>\n\n<p>No primeiro caso, enviar-te-emos um e-mail que te permitir\u00e1 comprovar a data e o conte\u00fado do pedido.<\/p>\n\n<p>No segundo caso, enviar-te-emos uma carta para o endere\u00e7o que indicares no endere\u00e7o de retorno.<\/p>\n\n<h2 class=\"wp-block-heading\">A quem me posso dirigir se n\u00e3o estiver satisfeito?<\/h2>\n\n<p>Podes apresentar uma queixa \u00e0 Ag\u00eancia Espanhola de Prote\u00e7\u00e3o de Dados, especialmente se n\u00e3o obtiveres satisfa\u00e7\u00e3o no exerc\u00edcio dos teus direitos.<\/p>\n\n<p>Se quiseres apresentar uma queixa \u00e0 Ag\u00eancia para que esta possa proteger os teus direitos contra o respons\u00e1vel pelo tratamento, o e-Office da Ag\u00eancia oferece-te v\u00e1rias op\u00e7\u00f5es para apresentares uma queixa.<\/p>\n","protected":false},"excerpt":{"rendered":"<p>O artigo 13.\u00ba do Regulamento Geral sobre a Prote\u00e7\u00e3o de Dados, publicado em maio de 2016 e aplic\u00e1vel a partir de 25 de maio de 2018, determina as informa\u00e7\u00f5es a fornecer quando os dados pessoais s\u00e3o obtidos junto do titular dos dados. Com base nisto, esta sec\u00e7\u00e3o detalha as informa\u00e7\u00f5es necess\u00e1rias para que, se tiveres [&hellip;]<\/p>\n","protected":false},"author":1,"featured_media":0,"parent":0,"menu_order":0,"comment_status":"closed","ping_status":"open","template":"","meta":{"_acf_changed":false,"footnotes":""},"class_list":["post-11225","page","type-page","status-publish","hentry"],"acf":[],"_links":{"self":[{"href":"https:\/\/induquim.com\/pt-pt\/wp-json\/wp\/v2\/pages\/11225","targetHints":{"allow":["GET"]}}],"collection":[{"href":"https:\/\/induquim.com\/pt-pt\/wp-json\/wp\/v2\/pages"}],"about":[{"href":"https:\/\/induquim.com\/pt-pt\/wp-json\/wp\/v2\/types\/page"}],"author":[{"embeddable":true,"href":"https:\/\/induquim.com\/pt-pt\/wp-json\/wp\/v2\/users\/1"}],"replies":[{"embeddable":true,"href":"https:\/\/induquim.com\/pt-pt\/wp-json\/wp\/v2\/comments?post=11225"}],"version-history":[{"count":1,"href":"https:\/\/induquim.com\/pt-pt\/wp-json\/wp\/v2\/pages\/11225\/revisions"}],"predecessor-version":[{"id":11226,"href":"https:\/\/induquim.com\/pt-pt\/wp-json\/wp\/v2\/pages\/11225\/revisions\/11226"}],"wp:attachment":[{"href":"https:\/\/induquim.com\/pt-pt\/wp-json\/wp\/v2\/media?parent=11225"}],"curies":[{"name":"wp","href":"https:\/\/api.w.org\/{rel}","templated":true}]}}